{"version":"1.0","provider_name":"Franken Blog","provider_url":"https:\/\/www.frankentourismus.de\/blog","author_name":"Barbara Keil","author_url":"https:\/\/www.frankentourismus.de\/blog\/author\/barbara-keil\/","title":"Fr\u00e4nkisches Seenland: Am Puls des Glaubens - Franken Blog","type":"rich","width":600,"height":338,"html":"<blockquote class=\"wp-embedded-content\" data-secret=\"pdFp4xIGse\"><a href=\"https:\/\/www.frankentourismus.de\/blog\/2023\/01\/13\/fraenkisches-seenland-am-puls-des-glaubens\/\">Fr\u00e4nkisches Seenland: Am Puls des Glaubens<\/a><\/blockquote><iframe sandbox=\"allow-scripts\" security=\"restricted\" src=\"https:\/\/www.frankentourismus.de\/blog\/2023\/01\/13\/fraenkisches-seenland-am-puls-des-glaubens\/embed\/#?secret=pdFp4xIGse\" width=\"600\" height=\"338\" title=\"&#8222;Fr\u00e4nkisches Seenland: Am Puls des Glaubens&#8220; &#8212; Franken Blog\" data-secret=\"pdFp4xIGse\" frameborder=\"0\" marginwidth=\"0\" marginheight=\"0\" scrolling=\"no\" class=\"wp-embedded-content\"><\/iframe><script type=\"text\/javascript\">\n\/*! This file is auto-generated *\/\n!function(c,l){\"use strict\";var e=!1,o=!1;if(l.querySelector)if(c.addEventListener)e=!0;if(c.wp=c.wp||{},c.wp.receiveEmbedMessage);else if(c.wp.receiveEmbedMessage=function(e){var t=e.data;if(!t);else if(!(t.secret||t.message||t.value));else if(\/[^a-zA-Z0-9]\/.test(t.secret));else{for(var r,s,a,i=l.querySelectorAll('iframe[data-secret=\"'+t.secret+'\"]'),n=l.querySelectorAll('blockquote[data-secret=\"'+t.secret+'\"]'),o=0;o<n.length;o++)n[o].style.display=\"none\";for(o=0;o<i.length;o++)if(r=i[o],e.source!==r.contentWindow);else{if(r.removeAttribute(\"style\"),\"height\"===t.message){if(1e3<(s=parseInt(t.value,10)))s=1e3;else if(~~s<200)s=200;r.height=s}if(\"link\"===t.message)if(s=l.createElement(\"a\"),a=l.createElement(\"a\"),s.href=r.getAttribute(\"src\"),a.href=t.value,a.host===s.host)if(l.activeElement===r)c.top.location.href=t.value}}},e)c.addEventListener(\"message\",c.wp.receiveEmbedMessage,!1),l.addEventListener(\"DOMContentLoaded\",t,!1),c.addEventListener(\"load\",t,!1);function t(){if(o);else{o=!0;for(var e,t,r,s=-1!==navigator.appVersion.indexOf(\"MSIE 10\"),a=!!navigator.userAgent.match(\/Trident.*rv:11\\.\/),i=l.querySelectorAll(\"iframe.wp-embedded-content\"),n=0;n<i.length;n++){if(!(r=(t=i[n]).getAttribute(\"data-secret\")))r=Math.random().toString(36).substr(2,10),t.src+=\"#?secret=\"+r,t.setAttribute(\"data-secret\",r);if(s||a)(e=t.cloneNode(!0)).removeAttribute(\"security\"),t.parentNode.replaceChild(e,t);t.contentWindow.postMessage({message:\"ready\",secret:r},\"*\")}}}}(window,document);\n<\/script>\n","thumbnail_url":"https:\/\/www.frankentourismus.de\/blog\/wp-content\/uploads\/2023\/01\/Luftbild-Kloster-Heidenheim-scaled.jpg","thumbnail_width":2560,"thumbnail_height":1772,"description":"Vom fr\u00e4nkischen Urkloster zur \u00f6kumenischen Bildungs- und Begegnungsst\u00e4tte: Das Kloster Heidenheim im Fr\u00e4nkischen Seenland hat eine bewegte Geschichte \u2013 und blickt einer spannenden Zukunft entgegen. Das zeigt ein Besuch bei Gesch\u00e4ftsf\u00fchrer Reinhold Seefried. Mit den Hausbesuchen begleiten wir Einheimische bei ihrem t\u00e4glichen Wirken im Urlaubsland Franken. Heute begebe ich mich mit Reinhold Seefried auf eine [&hellip;]"}